{"id":3647,"date":"2017-03-25T16:49:35","date_gmt":"2017-03-25T14:49:35","guid":{"rendered":"http:\/\/konninkylaseura.net\/?page_id=3647"},"modified":"2025-12-14T21:40:25","modified_gmt":"2025-12-14T19:40:25","slug":"kylatalo","status":"publish","type":"page","link":"https:\/\/konninkylaseura.net\/?page_id=3647","title":{"rendered":"K\u00f6nnin Kyl\u00e4talo"},"content":{"rendered":"<p><strong><a href=\"https:\/\/www.google.fi\/maps\/place\/K\u00f6nnin+Kyl\u00e4seura+Ry\/@62.7961181,22.570301,617m\/data=!3m1!1e3!4m5!3m4!1s0x0:0xe5eb381c9cfcf69d!8m2!3d62.7959343!4d22.5723177\" target=\"_blank\" rel=\"noopener noreferrer\">K\u00f6nnin kyl\u00e4talo on my\u00f6s juhlatalo ja kokoustalo<\/a><\/strong><\/p>\n<p>Rakennus on entinen Harjunm\u00e4en koulu, jonka K\u00f6nnin kyl\u00e4seura osti k\u00e4ytt\u00f6\u00f6ns\u00e4 vuonna 2003 koulutoiminnan loputtua. Kyl\u00e4talo sijaitsee Harjunm\u00e4en kyl\u00e4ss\u00e4 noin 9 km Ilmajoen keskustasta Ylistaroon p\u00e4in.<\/p>\n<div id='gallery-1' class='gallery galleryid-3647 gallery-columns-3 gallery-size-medium'><figure class='gallery-item'>\n\t\t\t<div class='gallery-icon landscape'>\n\t\t\t\t<a href='https:\/\/konninkylaseura.net\/wp-content\/uploads\/2017\/03\/IMG_3396.jpg'><img loading=\"lazy\" decoding=\"async\" width=\"300\" height=\"225\" src=\"https:\/\/konninkylaseura.net\/wp-content\/uploads\/2017\/03\/IMG_3396-300x225.jpg\" class=\"attachment-medium size-medium\" alt=\"\" srcset=\"https:\/\/konninkylaseura.net\/wp-content\/uploads\/2017\/03\/IMG_3396-300x225.jpg 300w, https:\/\/konninkylaseura.net\/wp-content\/uploads\/2017\/03\/IMG_3396-768x576.jpg 768w, https:\/\/konninkylaseura.net\/wp-content\/uploads\/2017\/03\/IMG_3396-1024x768.jpg 1024w\" sizes=\"auto, 100vw\" \/><\/a>\n\t\t\t<\/div><\/figure><figure class='gallery-item'>\n\t\t\t<div class='gallery-icon landscape'>\n\t\t\t\t<a href='https:\/\/konninkylaseura.net\/wp-content\/uploads\/2017\/03\/IMG_3249.jpg'><img loading=\"lazy\" decoding=\"async\" width=\"300\" height=\"225\" src=\"https:\/\/konninkylaseura.net\/wp-content\/uploads\/2017\/03\/IMG_3249-300x225.jpg\" class=\"attachment-medium size-medium\" alt=\"\" srcset=\"https:\/\/konninkylaseura.net\/wp-content\/uploads\/2017\/03\/IMG_3249-300x225.jpg 300w, https:\/\/konninkylaseura.net\/wp-content\/uploads\/2017\/03\/IMG_3249-768x576.jpg 768w, https:\/\/konninkylaseura.net\/wp-content\/uploads\/2017\/03\/IMG_3249-1024x768.jpg 1024w\" sizes=\"auto, 100vw\" \/><\/a>\n\t\t\t<\/div><\/figure><figure class='gallery-item'>\n\t\t\t<div class='gallery-icon landscape'>\n\t\t\t\t<a href='https:\/\/konninkylaseura.net\/wp-content\/uploads\/2017\/03\/IMG_3239.jpg'><img loading=\"lazy\" decoding=\"async\" width=\"300\" height=\"225\" src=\"https:\/\/konninkylaseura.net\/wp-content\/uploads\/2017\/03\/IMG_3239-300x225.jpg\" class=\"attachment-medium size-medium\" alt=\"\" srcset=\"https:\/\/konninkylaseura.net\/wp-content\/uploads\/2017\/03\/IMG_3239-300x225.jpg 300w, https:\/\/konninkylaseura.net\/wp-content\/uploads\/2017\/03\/IMG_3239-768x576.jpg 768w, https:\/\/konninkylaseura.net\/wp-content\/uploads\/2017\/03\/IMG_3239-1024x768.jpg 1024w\" sizes=\"auto, 100vw\" \/><\/a>\n\t\t\t<\/div><\/figure><figure class='gallery-item'>\n\t\t\t<div class='gallery-icon landscape'>\n\t\t\t\t<a href='https:\/\/konninkylaseura.net\/wp-content\/uploads\/2017\/03\/DSC02306.jpg'><img loading=\"lazy\" decoding=\"async\" width=\"300\" height=\"169\" src=\"https:\/\/konninkylaseura.net\/wp-content\/uploads\/2017\/03\/DSC02306-300x169.jpg\" class=\"attachment-medium size-medium\" alt=\"\" srcset=\"https:\/\/konninkylaseura.net\/wp-content\/uploads\/2017\/03\/DSC02306-300x169.jpg 300w, https:\/\/konninkylaseura.net\/wp-content\/uploads\/2017\/03\/DSC02306-768x432.jpg 768w, https:\/\/konninkylaseura.net\/wp-content\/uploads\/2017\/03\/DSC02306-1024x576.jpg 1024w\" sizes=\"auto, 100vw\" \/><\/a>\n\t\t\t<\/div><\/figure><figure class='gallery-item'>\n\t\t\t<div class='gallery-icon landscape'>\n\t\t\t\t<a href='https:\/\/konninkylaseura.net\/wp-content\/uploads\/2017\/03\/100v.ja30v.-Juhlat-13.8.-16-007.jpg'><img loading=\"lazy\" decoding=\"async\" width=\"300\" height=\"200\" src=\"https:\/\/konninkylaseura.net\/wp-content\/uploads\/2017\/03\/100v.ja30v.-Juhlat-13.8.-16-007-300x200.jpg\" class=\"attachment-medium size-medium\" alt=\"\" srcset=\"https:\/\/konninkylaseura.net\/wp-content\/uploads\/2017\/03\/100v.ja30v.-Juhlat-13.8.-16-007-300x200.jpg 300w, https:\/\/konninkylaseura.net\/wp-content\/uploads\/2017\/03\/100v.ja30v.-Juhlat-13.8.-16-007-768x512.jpg 768w, https:\/\/konninkylaseura.net\/wp-content\/uploads\/2017\/03\/100v.ja30v.-Juhlat-13.8.-16-007-1024x683.jpg 1024w\" sizes=\"auto, 100vw\" \/><\/a>\n\t\t\t<\/div><\/figure><figure class='gallery-item'>\n\t\t\t<div class='gallery-icon landscape'>\n\t\t\t\t<a href='https:\/\/konninkylaseura.net\/wp-content\/uploads\/2017\/03\/100v.ja30v.-Juhlat-13.8.-16-017.jpg'><img loading=\"lazy\" decoding=\"async\" width=\"300\" height=\"200\" src=\"https:\/\/konninkylaseura.net\/wp-content\/uploads\/2017\/03\/100v.ja30v.-Juhlat-13.8.-16-017-300x200.jpg\" class=\"attachment-medium size-medium\" alt=\"\" srcset=\"https:\/\/konninkylaseura.net\/wp-content\/uploads\/2017\/03\/100v.ja30v.-Juhlat-13.8.-16-017-300x200.jpg 300w, https:\/\/konninkylaseura.net\/wp-content\/uploads\/2017\/03\/100v.ja30v.-Juhlat-13.8.-16-017-768x512.jpg 768w, https:\/\/konninkylaseura.net\/wp-content\/uploads\/2017\/03\/100v.ja30v.-Juhlat-13.8.-16-017-1024x683.jpg 1024w\" sizes=\"auto, 100vw\" \/><\/a>\n\t\t\t<\/div><\/figure>\n\t\t<\/div>\n\n<p>Osoite:<\/p>\n<p><a href=\"https:\/\/www.google.fi\/maps\/place\/K\u00f6nnin+Kyl\u00e4seura+Ry\/@62.7961181,22.570301,617m\/data=!3m1!1e3!4m5!3m4!1s0x0:0xe5eb381c9cfcf69d!8m2!3d62.7959343!4d22.5723177\" target=\"_blank\" rel=\"noopener noreferrer\">Harjunm\u00e4entie 165<\/a><br \/>\n<a href=\"https:\/\/www.google.fi\/maps\/place\/K\u00f6nnin+Kyl\u00e4seura+Ry\/@62.7961181,22.570301,617m\/data=!3m1!1e3!4m5!3m4!1s0x0:0xe5eb381c9cfcf69d!8m2!3d62.7959343!4d22.5723177\" target=\"_blank\" rel=\"noopener noreferrer\">60800 Ilmajoki<\/a>&nbsp;<\/p>\n<p>Talossa on hyvinvarusteltu keitti\u00f6, jossa mm. iso Coffee Queen -kahvinkeitin sek\u00e4 kippikattila ja paljon tarjoilu- ja ruuanvalmistusastioita. Keitti\u00f6ss\u00e4 on my\u00f6s s\u00e4hk\u00f6hella ja astianpesukone sek\u00e4 maaseutunaisten vuokrattavissa oleva ruoka- ja kahvikalusto 100\u2013150 hengelle.<\/p>\n<p>Kyl\u00e4talolla on kaksi kokoontumistilaa, joihin mahtuu yhteens\u00e4 noin 100 henke\u00e4. Tiloista isompaa (63 m\u00b2) voidaan k\u00e4ytt\u00e4\u00e4 my\u00f6s liikuntatilana ja sen yhteydess\u00e4 on kaksi pukuhuonetta ja wc. Eteisaulassa on kaksi wc:t\u00e4 ja inva-wc lastenhoito p\u00f6yd\u00e4ll\u00e4 varustettuna. Pienempi tila on 50 m\u00b2 kokoinen luokkahuone, jossa on p\u00f6yd\u00e4t ja tuolit sek\u00e4 k\u00e4ytett\u00e4viss\u00e4 dataprojektori\/videotykki, 75 tuumainen n\u00e4ytt\u00f6 oman kannettavan tietokoneen kanssa, kyl\u00e4talolla on my\u00f6s langaton nettiyhteys k\u00e4ytett\u00e4viss\u00e4.Isommasta tilasta on my\u00f6s piebemp\u00e4\u00e4 tilaan video ja \u00e4\u00e4ni yhteys isolle n\u00e4yt\u00f6lle.<\/p>\n<p>Talossa on koneellinen ilmastointi ja \u00e4\u00e4nentoistoj\u00e4rjestelm\u00e4. Sis\u00e4\u00e4nk\u00e4ynnin yhteydess\u00e4 on invaluiska. Pihalla on parkkitilaa runsaasti.<\/p>\n<p><strong>Kyl\u00e4talo sopii loistavasti sek\u00e4 pienempien ett\u00e4 isompien juhlien ja kokousten j\u00e4rjest\u00e4mispaikaksi! Taloa vuokrataan sek\u00e4 kyl\u00e4l\u00e4isille ett\u00e4 ulkopuolisille. <\/strong><\/p>\n<p><strong><span style=\"color: #ff0000;\">Tilavuokrat seuraavin hinnoin, Juhlat jolloin kaikki tilat k\u00e4ytett\u00e4viss\u00e4 120-150\u20ac Kokoukset 50-70\u20ac Tilaisuuksien j\u00e4lkeisest\u00e4 siivouksesta perimme erillisen maksun jos siivous j\u00e4\u00e4 kyl\u00e4seuran hoidettavaksi.<\/span><\/strong><\/p>\n<p><span style=\"font-size: 1rem;\">Lis\u00e4tiedot ja varaukset<\/span><\/p>\n<p>Ari Hiltunen<br \/>\n+358 40 085 3223<br \/>\n<strong>arihiltunen1970(at)gmail.com<\/strong><\/p>\n<p><strong>V\u00e4h\u00e4n kyl\u00e4talomme historiaa.<\/strong><\/p>\n<p>K\u00f6nni-Kiikerin kansakoulu nimell\u00e4 on Harjunm\u00e4en kansakoulu aloittanut toimintansa vuonna 1897. Kiikerinkyl\u00e4n koulun valmistuttua ja aloittaessa toimintansa vuonna 1927, muuttui K\u00f6nni-Kiikerin kansakoulu Harjunm\u00e4en kouluksi.<\/p>\n<p>Koulutoiminnan alkaessa pari ensimm\u00e4ist\u00e4 vuotta koulua pidettiin vanhassa M\u00e4ki-Latvalan talossa, l\u00e4hell\u00e4 maantiet\u00e4. Vuonna 1899 koulu p\u00e4\u00e4si muuttamaan juuri valmistuneeseen uuteen koulurakennukseen joka on t\u00e4m\u00e4 nykyinen K\u00f6nnin kyl\u00e4talo. Koulun ensimm\u00e4isen\u00e4 opettajana on toiminut A. Rautavaara<\/p>\n<p>Alkuper\u00e4ist\u00e4 koulurakennusta on uudistettu kahdesti. Ensimm\u00e4isen kerran vuonna 1920 loppupuolella oppilasm\u00e4\u00e4rien kasvaessa ja koulun muuttuessa kaksi opettajaiseksi, tehtiin talon pohjoisp\u00e4\u00e4h\u00e4n kaksi luokkahuonetta k\u00e4sitt\u00e4v\u00e4 laajennus. N\u00e4iss\u00e4 tiloissa koulu toimi vuoteen 1981 jolloin aloitettiin koulun t\u00e4ydellinen peruskorjaus. Remontin valmistuttua kev\u00e4\u00e4ll\u00e4 1982 oli my\u00f6s uusitun koulun vihki\u00e4iset. Remontin ajan koulu toimi jo aikaisemmin lakkautetussa Kiikerinkyl\u00e4n koulussa. Harjunm\u00e4en koulu jatkoi toimintaansa kev\u00e4\u00e4seen 2003 jolloin koulu lakkautettiin ja koulu piiri yhdistettiin Peltoniemen koulupiiriin.<\/p>\n<p>T\u00e4m\u00e4n j\u00e4lkeen alkoivat pitk\u00e4t neuvottelut K\u00f6nnin Kyl\u00e4seuran ja Ilmajoen Kunnan v\u00e4lill\u00e4 koulurakennuksen hankkimiseksi kyl\u00e4seuran k\u00e4ytt\u00f6\u00f6n ja loppuvuodesta 2003 lopulliset kaupat saatiin ly\u00f6ty\u00e4 lukkoon.<\/p>\n<p>Siit\u00e4 asti yli 100-vuotias koulurakennus on toiminut kolmen kyl\u00e4n, K\u00f6nnin, Kiikerinkyl\u00e4n ja Harjunm\u00e4en toiminnan keskuksena. Kyl\u00e4seuran is\u00e4nnyyden&nbsp;aikana kyl\u00e4taloa on remontoitu pikkuhiljaa ja uudisteltu l\u00e4mmityksen ja keitti\u00f6n osalta vaatimuksia vastaavaksi.<\/p>\n","protected":false},"excerpt":{"rendered":"<p>K\u00f6nnin kyl\u00e4talo on my\u00f6s juhlatalo ja kokoustalo Rakennus on entinen Harjunm\u00e4en koulu, jonka K\u00f6nnin kyl\u00e4seura osti k\u00e4ytt\u00f6\u00f6ns\u00e4 vuonna 2003 koulutoiminnan loputtua. Kyl\u00e4talo sijaitsee Harjunm\u00e4en kyl\u00e4ss\u00e4 noin 9 km Ilmajoen keskustasta Ylistaroon p\u00e4in. Osoite: Harjunm\u00e4entie 165 60800 Ilmajoki&nbsp; Talossa on hyvinvarusteltu keitti\u00f6, jossa mm. iso Coffee Queen -kahvinkeitin sek\u00e4 kippikattila ja paljon tarjoilu- ja ruuanvalmistusastioita. Keitti\u00f6ss\u00e4 &hellip; <\/p>\n<p class=\"link-more\"><a href=\"https:\/\/konninkylaseura.net\/?page_id=3647\" class=\"more-link\">Jatka lukemista<span class=\"screen-reader-text\"> &#8221;K\u00f6nnin Kyl\u00e4talo&#8221;<\/span><\/a><\/p>\n","protected":false},"author":12,"featured_media":0,"parent":0,"menu_order":0,"comment_status":"closed","ping_status":"closed","template":"","meta":{"ngg_post_thumbnail":0,"footnotes":""},"class_list":["post-3647","page","type-page","status-publish","hentry"],"jetpack_sharing_enabled":true,"_links":{"self":[{"href":"https:\/\/konninkylaseura.net\/index.php?rest_route=\/wp\/v2\/pages\/3647","targetHints":{"allow":["GET"]}}],"collection":[{"href":"https:\/\/konninkylaseura.net\/index.php?rest_route=\/wp\/v2\/pages"}],"about":[{"href":"https:\/\/konninkylaseura.net\/index.php?rest_route=\/wp\/v2\/types\/page"}],"author":[{"embeddable":true,"href":"https:\/\/konninkylaseura.net\/index.php?rest_route=\/wp\/v2\/users\/12"}],"replies":[{"embeddable":true,"href":"https:\/\/konninkylaseura.net\/index.php?rest_route=%2Fwp%2Fv2%2Fcomments&post=3647"}],"version-history":[{"count":18,"href":"https:\/\/konninkylaseura.net\/index.php?rest_route=\/wp\/v2\/pages\/3647\/revisions"}],"predecessor-version":[{"id":6333,"href":"https:\/\/konninkylaseura.net\/index.php?rest_route=\/wp\/v2\/pages\/3647\/revisions\/6333"}],"wp:attachment":[{"href":"https:\/\/konninkylaseura.net\/index.php?rest_route=%2Fwp%2Fv2%2Fmedia&parent=3647"}],"curies":[{"name":"wp","href":"https:\/\/api.w.org\/{rel}","templated":true}]}}